{"id":9,"date":"2025-01-12T01:15:25","date_gmt":"2025-01-12T00:15:25","guid":{"rendered":"https:\/\/www.karate-stade.de\/?page_id=9"},"modified":"2025-01-25T03:25:39","modified_gmt":"2025-01-25T02:25:39","slug":"unterrichtszeiten-karateschule-agathenburg-stade-kampfsportschule","status":"publish","type":"page","link":"https:\/\/www.karate-stade.de\/?page_id=9","title":{"rendered":"Unterrichtszeiten"},"content":{"rendered":"\t\t<div data-elementor-type=\"wp-page\" data-elementor-id=\"9\" class=\"elementor elementor-9\" data-elementor-post-type=\"page\">\n\t\t\t\t<div class=\"elementor-element elementor-element-8795ce7 e-flex e-con-boxed e-con e-parent\" data-id=\"8795ce7\" data-element_type=\"container\">\n\t\t\t\t\t<div class=\"e-con-inner\">\n\t\t\t\t<div class=\"elementor-element elementor-element-9bc734c elementor-widget elementor-widget-image\" data-id=\"9bc734c\" data-element_type=\"widget\" data-widget_type=\"image.default\">\n\t\t\t\t<div class=\"elementor-widget-container\">\n\t\t\t\t\t\t\t\t\t\t\t\t\t\t\t<img decoding=\"async\" src=\"https:\/\/www.karate-stade.de\/wp-content\/uploads\/elementor\/thumbs\/hp-2025-05-qzxbg33l72we8dbcjpuisn6tt31fwxz6rawd3l0yss.jpg\" title=\"Karate Norman Goly, Marc P\u00f6nisch, Tanja Goly\" alt=\"Karate Norman Goly, Marc P\u00f6nisch, Tanja Goly\" loading=\"lazy\" \/>\t\t\t\t\t\t\t\t\t\t\t\t\t\t\t<\/div>\n\t\t\t\t<\/div>\n\t\t\t\t\t<\/div>\n\t\t\t\t<\/div>\n\t\t<div class=\"elementor-element elementor-element-fe866dc e-flex e-con-boxed e-con e-parent\" data-id=\"fe866dc\" data-element_type=\"container\">\n\t\t\t\t\t<div class=\"e-con-inner\">\n\t\t\t\t<div class=\"elementor-element elementor-element-d30c1c6 elementor-widget elementor-widget-text-editor\" data-id=\"d30c1c6\" data-element_type=\"widget\" data-widget_type=\"text-editor.default\">\n\t\t\t\t<div class=\"elementor-widget-container\">\n\t\t\t\t\t\t\t\t\t<p style=\"text-align: center;\"><em><span style=\"color: #000000;\">Wie Blumen, die an unerwarteten Orten bl\u00fchen, <\/span><\/em><\/p>\n<p style=\"text-align: center;\"><em><span style=\"color: #000000;\">entfaltet sich jeder Sch\u00fcler mit Sch\u00f6nheit,&nbsp;<\/span><\/em><\/p>\n<p style=\"text-align: center;\"><em><span style=\"color: #000000;\">St\u00e4rke und Widerstandsf\u00e4higkeit<\/span><\/em><\/p>\n<p style=\"text-align: center;\"><em><span style=\"color: #000000;\"> und offenbart so eigene verborgene Wunder.<\/span><\/em><\/p>\n<p style=\"text-align: center;\"><span style=\"color: #000000;\"><strong><u>&nbsp;<\/u><\/strong><\/span><\/p>\n<p style=\"text-align: center;\"><span style=\"color: #000000;\"><strong><u>Unterrichtszeiten<\/u><\/strong><\/span><\/p>\n<p style=\"text-align: center;\"><span style=\"color: #000000;\"><strong><u> Karateschule Agathenburg Stade in 21684 Agathenburg , Lieth 7&nbsp;<\/u><\/strong><\/span><\/p>\n<p><\/p>\n<p style=\"text-align: center;\"><span style=\"color: #000000;\"><strong><u>Montags<\/u><\/strong><\/span><\/p>\n<p style=\"text-align: center;\"><span style=\"color: #000000;\">16.00 Uhr &#8211; 17:00 Uhr&nbsp;Kindertraining &#8211; Karatedo<\/span><\/p>\n<p style=\"text-align: center;\"><span style=\"color: #000000;\">17.00 Uhr &#8211; 18:00 Uhr&nbsp;Kindertraining &#8211; Karatedo<\/span><\/p>\n<p style=\"text-align: center;\"><span style=\"color: #000000;\">18.00 Uhr &#8211; 20:00 Uhr Jugendlichen- und Erwachsenentraining &#8211; Karatedo, Iaido, Kobudo<\/span><\/p>\n<p style=\"text-align: center;\"><span style=\"color: #000000;\">20.00 Uhr &#8211; 21:00 Uhr Unterricht spezial<\/span><\/p>\n<p><\/p>\n<p style=\"text-align: center;\"><span style=\"color: #000000;\"><strong><u>Dienstag<\/u><\/strong><\/span><\/p>\n<p style=\"text-align: center;\"><span style=\"color: #000000;\">18.00 Uhr &#8211; 20:00 Uhr Unterricht SV Spezial &#8211; nicht \u00f6ffentlich<\/span><\/p>\n<p><\/p>\n<p style=\"text-align: center;\"><span style=\"color: #000000;\"><strong><u>Donnerstag<\/u><\/strong><\/span><\/p>\n<p style=\"text-align: center;\"><span style=\"color: #000000;\">18.00 Uhr &#8211; 19:00 Uhr Yoga<\/span><\/p>\n<p style=\"text-align: center;\"><span style=\"color: #000000;\">19.00 Uhr &#8211; 21:00 Uhr Zen Meditation<\/span><\/p>\n<p><\/p>\n<p style=\"text-align: center;\"><span style=\"color: #000000;\"><strong><u>Freitag<\/u><\/strong><\/span><\/p>\n<p style=\"text-align: center;\"><span style=\"color: #000000;\">16.00 Uhr &#8211; 17:00 Uhr Kindertraining &#8211; Karatedo<\/span><\/p>\n<p style=\"text-align: center;\"><span style=\"color: #000000;\">17.00 Uhr &#8211; 18:00 Uhr Kindertraining &#8211; Karatedo<\/span><\/p>\n<p style=\"text-align: center;\"><span style=\"color: #000000;\">18.00 Uhr &#8211; 20:00 Uhr Jugendlichen- und Erwachsenentraining &#8211; Karatedo, Iaido, Kobudo<\/span><\/p>\n<p style=\"text-align: center;\"><span style=\"color: #000000;\">20.00 Uhr &#8211; 21:00 Uhr Unterricht spezial<\/span><\/p>\n<p><\/p>\n<p style=\"text-align: center;\"><span style=\"color: #000000;\"><strong>Du m\u00f6chtest gerne mitmachen?<\/strong><\/span><\/p>\n<p style=\"text-align: center;\"><span style=\"color: #000000;\"><strong>Dann schau ganz unverbindlich bei uns vorbei.<\/strong><\/span><\/p>\n<p style=\"text-align: center;\"><span style=\"color: #000000;\"><strong>Normale Trainingskleidung ist am Anfang v\u00f6llig ausreichend.<\/strong><\/span><\/p>\n<p><\/p>\n<p style=\"text-align: center;\"><em><span style=\"color: #000000;\">&#8222;Es gibt nur zwei Tage im Jahr, <\/span><\/em><\/p>\n<p style=\"text-align: center;\"><em><span style=\"color: #000000;\">an denen man nichts tun kann. <\/span><\/em><\/p>\n<p style=\"text-align: center;\"><em><span style=\"color: #000000;\">Der eine ist Gestern, der andere Morgen. <\/span><\/em><\/p>\n<p style=\"text-align: center;\"><em><span style=\"color: #000000;\">Dies bedeutet, dass heute der richtige Tag zum Lieben,<\/span><\/em><\/p>\n<p style=\"text-align: center;\"><em><span style=\"color: #000000;\"> Glauben, Lernen und in erster Linie zum Leben ist.&#8220;<\/span><\/em><\/p>\t\t\t\t\t\t\t\t<\/div>\n\t\t\t\t<\/div>\n\t\t\t\t\t<\/div>\n\t\t\t\t<\/div>\n\t\t<div class=\"elementor-element elementor-element-89613fa e-grid e-con-boxed e-con e-parent\" data-id=\"89613fa\" data-element_type=\"container\">\n\t\t\t\t\t<div class=\"e-con-inner\">\n\t\t\t\t<div class=\"elementor-element elementor-element-73e4208 elementor-widget elementor-widget-image\" data-id=\"73e4208\" data-element_type=\"widget\" data-widget_type=\"image.default\">\n\t\t\t\t<div class=\"elementor-widget-container\">\n\t\t\t\t\t\t\t\t\t\t\t\t\t\t\t<img fetchpriority=\"high\" decoding=\"async\" width=\"525\" height=\"398\" src=\"https:\/\/www.karate-stade.de\/wp-content\/uploads\/2025\/01\/hp-2025-02-1024x777.jpg\" class=\"attachment-large size-large wp-image-177\" alt=\"\" srcset=\"https:\/\/www.karate-stade.de\/wp-content\/uploads\/2025\/01\/hp-2025-02-1024x777.jpg 1024w, https:\/\/www.karate-stade.de\/wp-content\/uploads\/2025\/01\/hp-2025-02-300x228.jpg 300w, https:\/\/www.karate-stade.de\/wp-content\/uploads\/2025\/01\/hp-2025-02-768x583.jpg 768w, https:\/\/www.karate-stade.de\/wp-content\/uploads\/2025\/01\/hp-2025-02.jpg 1494w\" sizes=\"(max-width: 525px) 100vw, 525px\" \/>\t\t\t\t\t\t\t\t\t\t\t\t\t\t\t<\/div>\n\t\t\t\t<\/div>\n\t\t\t\t<div class=\"elementor-element elementor-element-d689d7f elementor-widget elementor-widget-image\" data-id=\"d689d7f\" data-element_type=\"widget\" data-widget_type=\"image.default\">\n\t\t\t\t<div class=\"elementor-widget-container\">\n\t\t\t\t\t\t\t\t\t\t\t\t\t\t\t<img decoding=\"async\" width=\"525\" height=\"394\" src=\"https:\/\/www.karate-stade.de\/wp-content\/uploads\/2025\/01\/IMG-20240831-WA0034-1024x768.jpg\" class=\"attachment-large size-large wp-image-176\" alt=\"\" srcset=\"https:\/\/www.karate-stade.de\/wp-content\/uploads\/2025\/01\/IMG-20240831-WA0034-1024x768.jpg 1024w, https:\/\/www.karate-stade.de\/wp-content\/uploads\/2025\/01\/IMG-20240831-WA0034-300x225.jpg 300w, https:\/\/www.karate-stade.de\/wp-content\/uploads\/2025\/01\/IMG-20240831-WA0034-768x576.jpg 768w, https:\/\/www.karate-stade.de\/wp-content\/uploads\/2025\/01\/IMG-20240831-WA0034-1536x1152.jpg 1536w, https:\/\/www.karate-stade.de\/wp-content\/uploads\/2025\/01\/IMG-20240831-WA0034.jpg 2000w\" sizes=\"(max-width: 525px) 100vw, 525px\" \/>\t\t\t\t\t\t\t\t\t\t\t\t\t\t\t<\/div>\n\t\t\t\t<\/div>\n\t\t\t\t<div class=\"elementor-element elementor-element-88eb4d6 elementor-widget elementor-widget-image\" data-id=\"88eb4d6\" data-element_type=\"widget\" data-widget_type=\"image.default\">\n\t\t\t\t<div class=\"elementor-widget-container\">\n\t\t\t\t\t\t\t\t\t\t\t\t\t\t\t<img decoding=\"async\" width=\"525\" height=\"358\" src=\"https:\/\/www.karate-stade.de\/wp-content\/uploads\/2025\/01\/hp-2025-03-1024x699.jpg\" class=\"attachment-large size-large wp-image-178\" alt=\"\" srcset=\"https:\/\/www.karate-stade.de\/wp-content\/uploads\/2025\/01\/hp-2025-03-1024x699.jpg 1024w, https:\/\/www.karate-stade.de\/wp-content\/uploads\/2025\/01\/hp-2025-03-300x205.jpg 300w, https:\/\/www.karate-stade.de\/wp-content\/uploads\/2025\/01\/hp-2025-03-768x524.jpg 768w, https:\/\/www.karate-stade.de\/wp-content\/uploads\/2025\/01\/hp-2025-03-1536x1048.jpg 1536w, https:\/\/www.karate-stade.de\/wp-content\/uploads\/2025\/01\/hp-2025-03.jpg 1770w\" sizes=\"(max-width: 525px) 100vw, 525px\" \/>\t\t\t\t\t\t\t\t\t\t\t\t\t\t\t<\/div>\n\t\t\t\t<\/div>\n\t\t\t\t<div class=\"elementor-element elementor-element-08a893a elementor-widget elementor-widget-image\" data-id=\"08a893a\" data-element_type=\"widget\" data-widget_type=\"image.default\">\n\t\t\t\t<div class=\"elementor-widget-container\">\n\t\t\t\t\t\t\t\t\t\t\t\t\t\t\t<img loading=\"lazy\" decoding=\"async\" width=\"525\" height=\"395\" src=\"https:\/\/www.karate-stade.de\/wp-content\/uploads\/2025\/01\/hp-2025-04-1024x771.jpg\" class=\"attachment-large size-large wp-image-179\" alt=\"\" srcset=\"https:\/\/www.karate-stade.de\/wp-content\/uploads\/2025\/01\/hp-2025-04-1024x771.jpg 1024w, https:\/\/www.karate-stade.de\/wp-content\/uploads\/2025\/01\/hp-2025-04-300x226.jpg 300w, https:\/\/www.karate-stade.de\/wp-content\/uploads\/2025\/01\/hp-2025-04-768x578.jpg 768w, https:\/\/www.karate-stade.de\/wp-content\/uploads\/2025\/01\/hp-2025-04-1536x1157.jpg 1536w, https:\/\/www.karate-stade.de\/wp-content\/uploads\/2025\/01\/hp-2025-04.jpg 1814w\" sizes=\"(max-width: 525px) 100vw, 525px\" \/>\t\t\t\t\t\t\t\t\t\t\t\t\t\t\t<\/div>\n\t\t\t\t<\/div>\n\t\t\t\t<div class=\"elementor-element elementor-element-29fb581 elementor-widget elementor-widget-image\" data-id=\"29fb581\" data-element_type=\"widget\" data-widget_type=\"image.default\">\n\t\t\t\t<div class=\"elementor-widget-container\">\n\t\t\t\t\t\t\t\t\t\t\t\t\t\t\t<img loading=\"lazy\" decoding=\"async\" width=\"525\" height=\"471\" src=\"https:\/\/www.karate-stade.de\/wp-content\/uploads\/2025\/01\/hp-2025-05-1024x919.jpg\" class=\"attachment-large size-large wp-image-238\" alt=\"\" srcset=\"https:\/\/www.karate-stade.de\/wp-content\/uploads\/2025\/01\/hp-2025-05-1024x919.jpg 1024w, https:\/\/www.karate-stade.de\/wp-content\/uploads\/2025\/01\/hp-2025-05-300x269.jpg 300w, https:\/\/www.karate-stade.de\/wp-content\/uploads\/2025\/01\/hp-2025-05-768x689.jpg 768w, https:\/\/www.karate-stade.de\/wp-content\/uploads\/2025\/01\/hp-2025-05.jpg 1157w\" sizes=\"(max-width: 525px) 100vw, 525px\" \/>\t\t\t\t\t\t\t\t\t\t\t\t\t\t\t<\/div>\n\t\t\t\t<\/div>\n\t\t\t\t<div class=\"elementor-element elementor-element-3ad1d8f elementor-widget elementor-widget-image\" data-id=\"3ad1d8f\" data-element_type=\"widget\" data-widget_type=\"image.default\">\n\t\t\t\t<div class=\"elementor-widget-container\">\n\t\t\t\t\t\t\t\t\t\t\t\t\t\t\t<img loading=\"lazy\" decoding=\"async\" width=\"525\" height=\"393\" src=\"https:\/\/www.karate-stade.de\/wp-content\/uploads\/2025\/01\/hp-2025-06.jpg\" class=\"attachment-large size-large wp-image-243\" alt=\"\" srcset=\"https:\/\/www.karate-stade.de\/wp-content\/uploads\/2025\/01\/hp-2025-06.jpg 1022w, https:\/\/www.karate-stade.de\/wp-content\/uploads\/2025\/01\/hp-2025-06-300x225.jpg 300w, https:\/\/www.karate-stade.de\/wp-content\/uploads\/2025\/01\/hp-2025-06-768x576.jpg 768w\" sizes=\"(max-width: 525px) 100vw, 525px\" \/>\t\t\t\t\t\t\t\t\t\t\t\t\t\t\t<\/div>\n\t\t\t\t<\/div>\n\t\t\t\t\t<\/div>\n\t\t\t\t<\/div>\n\t\t\t\t<\/div>\n\t\t","protected":false},"excerpt":{"rendered":"<p>Wie Blumen, die an unerwarteten Orten bl\u00fchen, entfaltet sich jeder Sch\u00fcler mit Sch\u00f6nheit,\u00a0 St\u00e4rke und Widerstandsf\u00e4higkeit und offenbart so eigene verborgene Wunder. \u00a0 Unterrichtszeiten Karateschule Agathenburg Stade in 21684 Agathenburg , Lieth 7\u00a0 Montags 16.00 Uhr &#8211; 17:00 Uhr\u00a0Kindertraining &#8211; Karatedo 17.00 Uhr &#8211; 18:00 Uhr\u00a0Kindertraining &#8211; Karatedo 18.00 Uhr &#8211; 20:00 Uhr Jugendlichen- und [&hellip;]<\/p>\n","protected":false},"author":1,"featured_media":0,"parent":0,"menu_order":3,"comment_status":"closed","ping_status":"closed","template":"elementor_header_footer","meta":{"footnotes":""},"class_list":["post-9","page","type-page","status-publish","hentry"],"yoast_head":"<!-- This site is optimized with the Yoast SEO plugin v24.3 - https:\/\/yoast.com\/wordpress\/plugins\/seo\/ -->\n<title>Unterrichtszeiten - Karateschule Agathenburg Stade<\/title>\n<meta name=\"description\" content=\"Unterrichtszeiten Karateschule Agathenburg Stade Kampfsportschule\" \/>\n<meta name=\"robots\" content=\"index, follow, max-snippet:-1, max-image-preview:large, max-video-preview:-1\" \/>\n<link rel=\"canonical\" href=\"https:\/\/www.karate-stade.de\/?page_id=9\" \/>\n<meta property=\"og:locale\" content=\"de_DE\" \/>\n<meta property=\"og:type\" content=\"article\" \/>\n<meta property=\"og:title\" content=\"Unterrichtszeiten - Karateschule Agathenburg Stade\" \/>\n<meta property=\"og:description\" content=\"Unterrichtszeiten Karateschule Agathenburg Stade Kampfsportschule\" \/>\n<meta property=\"og:url\" content=\"https:\/\/www.karate-stade.de\/?page_id=9\" \/>\n<meta property=\"og:site_name\" content=\"Karateschule Agathenburg Stade\" \/>\n<meta property=\"article:modified_time\" content=\"2025-01-25T02:25:39+00:00\" \/>\n<meta property=\"og:image\" content=\"https:\/\/www.karate-stade.de\/wp-content\/uploads\/elementor\/thumbs\/hp-2025-05-qzxbg33l72we8dbcjpuisn6tt31fwxz6rawd3l0yss.jpg\" \/>\n<meta name=\"twitter:card\" content=\"summary_large_image\" \/>\n<meta name=\"twitter:label1\" content=\"Gesch\u00e4tzte Lesezeit\" \/>\n\t<meta name=\"twitter:data1\" content=\"3\u00a0Minuten\" \/>\n<script type=\"application\/ld+json\" class=\"yoast-schema-graph\">{\"@context\":\"https:\/\/schema.org\",\"@graph\":[{\"@type\":\"WebPage\",\"@id\":\"https:\/\/www.karate-stade.de\/?page_id=9\",\"url\":\"https:\/\/www.karate-stade.de\/?page_id=9\",\"name\":\"Unterrichtszeiten - Karateschule Agathenburg Stade\",\"isPartOf\":{\"@id\":\"https:\/\/www.karate-stade.de\/#website\"},\"primaryImageOfPage\":{\"@id\":\"https:\/\/www.karate-stade.de\/?page_id=9#primaryimage\"},\"image\":{\"@id\":\"https:\/\/www.karate-stade.de\/?page_id=9#primaryimage\"},\"thumbnailUrl\":\"https:\/\/www.karate-stade.de\/wp-content\/uploads\/elementor\/thumbs\/hp-2025-05-qzxbg33l72we8dbcjpuisn6tt31fwxz6rawd3l0yss.jpg\",\"datePublished\":\"2025-01-12T00:15:25+00:00\",\"dateModified\":\"2025-01-25T02:25:39+00:00\",\"description\":\"Unterrichtszeiten Karateschule Agathenburg Stade Kampfsportschule\",\"breadcrumb\":{\"@id\":\"https:\/\/www.karate-stade.de\/?page_id=9#breadcrumb\"},\"inLanguage\":\"de\",\"potentialAction\":[{\"@type\":\"ReadAction\",\"target\":[\"https:\/\/www.karate-stade.de\/?page_id=9\"]}]},{\"@type\":\"ImageObject\",\"inLanguage\":\"de\",\"@id\":\"https:\/\/www.karate-stade.de\/?page_id=9#primaryimage\",\"url\":\"https:\/\/www.karate-stade.de\/wp-content\/uploads\/elementor\/thumbs\/hp-2025-05-qzxbg33l72we8dbcjpuisn6tt31fwxz6rawd3l0yss.jpg\",\"contentUrl\":\"https:\/\/www.karate-stade.de\/wp-content\/uploads\/elementor\/thumbs\/hp-2025-05-qzxbg33l72we8dbcjpuisn6tt31fwxz6rawd3l0yss.jpg\"},{\"@type\":\"BreadcrumbList\",\"@id\":\"https:\/\/www.karate-stade.de\/?page_id=9#breadcrumb\",\"itemListElement\":[{\"@type\":\"ListItem\",\"position\":1,\"name\":\"Startseite\",\"item\":\"https:\/\/www.karate-stade.de\/\"},{\"@type\":\"ListItem\",\"position\":2,\"name\":\"Unterrichtszeiten\"}]},{\"@type\":\"WebSite\",\"@id\":\"https:\/\/www.karate-stade.de\/#website\",\"url\":\"https:\/\/www.karate-stade.de\/\",\"name\":\"Karateschule Agathenburg Stade\",\"description\":\"Seit \u00fcber 23 Jahren international erfolgreich aktiv\",\"publisher\":{\"@id\":\"https:\/\/www.karate-stade.de\/#organization\"},\"potentialAction\":[{\"@type\":\"SearchAction\",\"target\":{\"@type\":\"EntryPoint\",\"urlTemplate\":\"https:\/\/www.karate-stade.de\/?s={search_term_string}\"},\"query-input\":{\"@type\":\"PropertyValueSpecification\",\"valueRequired\":true,\"valueName\":\"search_term_string\"}}],\"inLanguage\":\"de\"},{\"@type\":\"Organization\",\"@id\":\"https:\/\/www.karate-stade.de\/#organization\",\"name\":\"Karateschule Agathenburg Stade\",\"url\":\"https:\/\/www.karate-stade.de\/\",\"logo\":{\"@type\":\"ImageObject\",\"inLanguage\":\"de\",\"@id\":\"https:\/\/www.karate-stade.de\/#\/schema\/logo\/image\/\",\"url\":\"https:\/\/www.karate-stade.de\/wp-content\/uploads\/2025\/01\/IMG-20230412-WA0000.jpg\",\"contentUrl\":\"https:\/\/www.karate-stade.de\/wp-content\/uploads\/2025\/01\/IMG-20230412-WA0000.jpg\",\"width\":1200,\"height\":1600,\"caption\":\"Karateschule Agathenburg Stade\"},\"image\":{\"@id\":\"https:\/\/www.karate-stade.de\/#\/schema\/logo\/image\/\"}}]}<\/script>\n<!-- \/ Yoast SEO plugin. -->","yoast_head_json":{"title":"Unterrichtszeiten - Karateschule Agathenburg Stade","description":"Unterrichtszeiten Karateschule Agathenburg Stade Kampfsportschule","robots":{"index":"index","follow":"follow","max-snippet":"max-snippet:-1","max-image-preview":"max-image-preview:large","max-video-preview":"max-video-preview:-1"},"canonical":"https:\/\/www.karate-stade.de\/?page_id=9","og_locale":"de_DE","og_type":"article","og_title":"Unterrichtszeiten - Karateschule Agathenburg Stade","og_description":"Unterrichtszeiten Karateschule Agathenburg Stade Kampfsportschule","og_url":"https:\/\/www.karate-stade.de\/?page_id=9","og_site_name":"Karateschule Agathenburg Stade","article_modified_time":"2025-01-25T02:25:39+00:00","og_image":[{"url":"https:\/\/www.karate-stade.de\/wp-content\/uploads\/elementor\/thumbs\/hp-2025-05-qzxbg33l72we8dbcjpuisn6tt31fwxz6rawd3l0yss.jpg","type":"","width":"","height":""}],"twitter_card":"summary_large_image","twitter_misc":{"Gesch\u00e4tzte Lesezeit":"3\u00a0Minuten"},"schema":{"@context":"https:\/\/schema.org","@graph":[{"@type":"WebPage","@id":"https:\/\/www.karate-stade.de\/?page_id=9","url":"https:\/\/www.karate-stade.de\/?page_id=9","name":"Unterrichtszeiten - Karateschule Agathenburg Stade","isPartOf":{"@id":"https:\/\/www.karate-stade.de\/#website"},"primaryImageOfPage":{"@id":"https:\/\/www.karate-stade.de\/?page_id=9#primaryimage"},"image":{"@id":"https:\/\/www.karate-stade.de\/?page_id=9#primaryimage"},"thumbnailUrl":"https:\/\/www.karate-stade.de\/wp-content\/uploads\/elementor\/thumbs\/hp-2025-05-qzxbg33l72we8dbcjpuisn6tt31fwxz6rawd3l0yss.jpg","datePublished":"2025-01-12T00:15:25+00:00","dateModified":"2025-01-25T02:25:39+00:00","description":"Unterrichtszeiten Karateschule Agathenburg Stade Kampfsportschule","breadcrumb":{"@id":"https:\/\/www.karate-stade.de\/?page_id=9#breadcrumb"},"inLanguage":"de","potentialAction":[{"@type":"ReadAction","target":["https:\/\/www.karate-stade.de\/?page_id=9"]}]},{"@type":"ImageObject","inLanguage":"de","@id":"https:\/\/www.karate-stade.de\/?page_id=9#primaryimage","url":"https:\/\/www.karate-stade.de\/wp-content\/uploads\/elementor\/thumbs\/hp-2025-05-qzxbg33l72we8dbcjpuisn6tt31fwxz6rawd3l0yss.jpg","contentUrl":"https:\/\/www.karate-stade.de\/wp-content\/uploads\/elementor\/thumbs\/hp-2025-05-qzxbg33l72we8dbcjpuisn6tt31fwxz6rawd3l0yss.jpg"},{"@type":"BreadcrumbList","@id":"https:\/\/www.karate-stade.de\/?page_id=9#breadcrumb","itemListElement":[{"@type":"ListItem","position":1,"name":"Startseite","item":"https:\/\/www.karate-stade.de\/"},{"@type":"ListItem","position":2,"name":"Unterrichtszeiten"}]},{"@type":"WebSite","@id":"https:\/\/www.karate-stade.de\/#website","url":"https:\/\/www.karate-stade.de\/","name":"Karateschule Agathenburg Stade","description":"Seit \u00fcber 23 Jahren international erfolgreich aktiv","publisher":{"@id":"https:\/\/www.karate-stade.de\/#organization"},"potentialAction":[{"@type":"SearchAction","target":{"@type":"EntryPoint","urlTemplate":"https:\/\/www.karate-stade.de\/?s={search_term_string}"},"query-input":{"@type":"PropertyValueSpecification","valueRequired":true,"valueName":"search_term_string"}}],"inLanguage":"de"},{"@type":"Organization","@id":"https:\/\/www.karate-stade.de\/#organization","name":"Karateschule Agathenburg Stade","url":"https:\/\/www.karate-stade.de\/","logo":{"@type":"ImageObject","inLanguage":"de","@id":"https:\/\/www.karate-stade.de\/#\/schema\/logo\/image\/","url":"https:\/\/www.karate-stade.de\/wp-content\/uploads\/2025\/01\/IMG-20230412-WA0000.jpg","contentUrl":"https:\/\/www.karate-stade.de\/wp-content\/uploads\/2025\/01\/IMG-20230412-WA0000.jpg","width":1200,"height":1600,"caption":"Karateschule Agathenburg Stade"},"image":{"@id":"https:\/\/www.karate-stade.de\/#\/schema\/logo\/image\/"}}]}},"_links":{"self":[{"href":"https:\/\/www.karate-stade.de\/index.php?rest_route=\/wp\/v2\/pages\/9","targetHints":{"allow":["GET"]}}],"collection":[{"href":"https:\/\/www.karate-stade.de\/index.php?rest_route=\/wp\/v2\/pages"}],"about":[{"href":"https:\/\/www.karate-stade.de\/index.php?rest_route=\/wp\/v2\/types\/page"}],"author":[{"embeddable":true,"href":"https:\/\/www.karate-stade.de\/index.php?rest_route=\/wp\/v2\/users\/1"}],"replies":[{"embeddable":true,"href":"https:\/\/www.karate-stade.de\/index.php?rest_route=%2Fwp%2Fv2%2Fcomments&post=9"}],"version-history":[{"count":91,"href":"https:\/\/www.karate-stade.de\/index.php?rest_route=\/wp\/v2\/pages\/9\/revisions"}],"predecessor-version":[{"id":1020,"href":"https:\/\/www.karate-stade.de\/index.php?rest_route=\/wp\/v2\/pages\/9\/revisions\/1020"}],"wp:attachment":[{"href":"https:\/\/www.karate-stade.de\/index.php?rest_route=%2Fwp%2Fv2%2Fmedia&parent=9"}],"curies":[{"name":"wp","href":"https:\/\/api.w.org\/{rel}","templated":true}]}}