{"id":284,"date":"2025-01-13T13:10:13","date_gmt":"2025-01-13T12:10:13","guid":{"rendered":"https:\/\/www.karate-stade.de\/?page_id=284"},"modified":"2025-01-24T04:17:59","modified_gmt":"2025-01-24T03:17:59","slug":"datenschutzerklaerung-2","status":"publish","type":"page","link":"https:\/\/www.karate-stade.de\/?page_id=284","title":{"rendered":"Datenschutzerkl\u00e4rung"},"content":{"rendered":"\t\t<div data-elementor-type=\"wp-page\" data-elementor-id=\"284\" class=\"elementor elementor-284\" data-elementor-post-type=\"page\">\n\t\t\t\t<div class=\"elementor-element elementor-element-747e4e07 e-flex e-con-boxed e-con e-parent\" data-id=\"747e4e07\" data-element_type=\"container\">\n\t\t\t\t\t<div class=\"e-con-inner\">\n\t\t\t\t<div class=\"elementor-element elementor-element-cfb292e elementor-widget elementor-widget-text-editor\" data-id=\"cfb292e\" data-element_type=\"widget\" data-widget_type=\"text-editor.default\">\n\t\t\t\t<div class=\"elementor-widget-container\">\n\t\t\t\t\t\t\t\t\t<p><\/p>\n<h6 class=\"wp-block-heading\"><span style=\"color: #000000;\">Datenschutzerkl\u00e4rung<\/span><\/h6>\n<p><span style=\"color: #000000;\">1) Einleitung und Kontaktdaten des Verantwortlichen<\/span><\/p>\n<p><span style=\"color: #000000;\"><b>1.1<\/b>&nbsp;Wir freuen uns, dass Sie unsere Website besuchen und bedanken uns f\u00fcr Ihr Interesse. Im Folgenden informieren wir Sie \u00fcber den Umgang mit Ihren personenbezogenen Daten bei der Nutzung unserer Website. Personenbezogene Daten sind hierbei alle Daten, mit denen Sie pers\u00f6nlich identifiziert werden k\u00f6nnen.<\/span><\/p>\n<p><span style=\"color: #000000;\"><b>1.2<\/b>&nbsp;Verantwortlicher f\u00fcr die Datenverarbeitung auf dieser Website im Sinne der Datenschutz-Grundverordnung (DSGVO) ist Seishin Shintai Kyokai Kampfkunstdojo Stade e.V., Lieth 7, 21684 Agathenburg, Deutschland, Tel.: 01716434583, E-Mail: karate.stade@gmail.com. Der f\u00fcr die Verarbeitung von personenbezogenen Daten Verantwortliche ist diejenige nat\u00fcrliche oder juristische Person, die allein oder gemeinsam mit anderen \u00fcber die Zwecke und Mittel der Verarbeitung von personenbezogenen Daten entscheidet.<\/span><\/p>\n<p><span style=\"color: #000000;\">2) Datenerfassung beim Besuch unserer Website<\/span><\/p>\n<p><span style=\"color: #000000;\"><b>2.1<\/b>&nbsp;Bei der blo\u00df informatorischen Nutzung unserer Website, also wenn Sie sich nicht registrieren oder uns anderweitig Informationen \u00fcbermitteln, erheben wir nur solche Daten, die Ihr Browser an den Seitenserver \u00fcbermittelt (sog. \u201eServer-Logfiles\u201c). Wenn Sie unsere Website aufrufen, erheben wir die folgenden Daten, die f\u00fcr uns technisch erforderlich sind, um Ihnen die Website anzuzeigen:<\/span><\/p>\n<ul>\n<li>\n<p><span style=\"color: #000000;\">Unsere besuchte Website<\/span><\/p>\n<\/li>\n<li>\n<p><span style=\"color: #000000;\">Datum und Uhrzeit zum Zeitpunkt des Zugriffes<\/span><\/p>\n<\/li>\n<li>\n<p><span style=\"color: #000000;\">Menge der gesendeten Daten in Byte<\/span><\/p>\n<\/li>\n<li>\n<p><span style=\"color: #000000;\">Quelle\/Verweis, von welchem Sie auf die Seite gelangten<\/span><\/p>\n<\/li>\n<li>\n<p><span style=\"color: #000000;\">Verwendeter Browser<\/span><\/p>\n<\/li>\n<li>\n<p><span style=\"color: #000000;\">Verwendetes Betriebssystem<\/span><\/p>\n<\/li>\n<li>\n<p><span style=\"color: #000000;\">Verwendete IP-Adresse (ggf.: in anonymisierter Form)<\/span><\/p>\n<\/li>\n<\/ul>\n<p><span style=\"color: #000000;\">Die Verarbeitung erfolgt gem\u00e4\u00df Art. 6 Abs. 1 lit. f DSGVO auf Basis unseres berechtigten Interesses an der Verbesserung der Stabilit\u00e4t und Funktionalit\u00e4t unserer Website. Eine Weitergabe oder anderweitige Verwendung der Daten findet nicht statt. Wir behalten uns allerdings vor, die Server-Logfiles nachtr\u00e4glich zu \u00fcberpr\u00fcfen, sollten konkrete Anhaltspunkte auf eine rechtswidrige Nutzung hinweisen.<\/span><\/p>\n<p><span style=\"color: #000000;\"><b>2.2<\/b>&nbsp;Diese Website nutzt aus Sicherheitsgr\u00fcnden und zum Schutz der \u00dcbertragung personenbezogener Daten und anderer vertraulicher Inhalte (z.B. Bestellungen oder Anfragen an den Verantwortlichen) eine SSL-bzw. TLS-Verschl\u00fcsselung. Sie k\u00f6nnen eine verschl\u00fcsselte Verbindung an der Zeichenfolge \u201ehttps:\/\/\u201c und dem Schloss-Symbol in Ihrer Browserzeile erkennen.<\/span><\/p>\n<p><span style=\"color: #000000;\">3) Hosting &amp; Content-Delivery-Network<\/span><\/p>\n<p><span style=\"color: #000000;\">F\u00fcr das Hosting unserer Website und die Darstellung der Seiteninhalte nutzen wir einen Anbieter, der seine Leistungen selbst oder durch ausgew\u00e4hlte Sub-Unternehmer ausschlie\u00dflich auf Servern innerhalb der Europ\u00e4ischen Union erbringt.<\/span><\/p>\n<p><span style=\"color: #000000;\">S\u00e4mtliche auf unserer Website erhobenen Daten werden auf diesen Servern verarbeitet.<\/span><\/p>\n<p><span style=\"color: #000000;\">Wir haben mit dem Anbieter einen Auftragsverarbeitungsvertrag geschlossen, der den Schutz der Daten unserer Seitenbesucher sicherstellt und eine unberechtigte Weitergabe an Dritte untersagt.<\/span><\/p>\n<p><span style=\"color: #000000;\">4) Cookies<\/span><\/p>\n<p><span style=\"color: #000000;\">Um den Besuch unserer Website attraktiv zu gestalten und die Nutzung bestimmter Funktionen zu erm\u00f6glichen, verwenden wir Cookies, also kleine Textdateien, die auf Ihrem Endger\u00e4t abgelegt werden. Teilweise werden diese Cookies nach Schlie\u00dfen des Browsers automatisch wieder gel\u00f6scht (sog. \u201eSession-Cookies\u201c), teilweise verbleiben diese Cookies l\u00e4nger auf Ihrem Endger\u00e4t und erm\u00f6glichen das Speichern von Seiteneinstellungen (sog. \u201epersistente Cookies\u201c). Im letzteren Fall k\u00f6nnen Sie die Speicherdauer der \u00dcbersicht zu den Cookie-Einstellungen Ihres Webbrowsers entnehmen.<\/span><\/p>\n<p><span style=\"color: #000000;\">Sofern durch einzelne von uns eingesetzte Cookies auch personenbezogene Daten verarbeitet werden, erfolgt die Verarbeitung gem\u00e4\u00df Art. 6 Abs. 1 lit. b DSGVO entweder zur Durchf\u00fchrung des Vertrages, gem\u00e4\u00df Art. 6 Abs. 1 lit. a DSGVO im Falle einer erteilten Einwilligung oder gem\u00e4\u00df Art. 6 Abs. 1 lit. f DSGVO zur Wahrung unserer berechtigten Interessen an der bestm\u00f6glichen Funktionalit\u00e4t der Website sowie einer kundenfreundlichen und effektiven Ausgestaltung des Seitenbesuchs.<\/span><\/p>\n<p><span style=\"color: #000000;\">Sie k\u00f6nnen Ihren Browser so einstellen, dass Sie \u00fcber das Setzen von Cookies informiert werden und einzeln \u00fcber deren Annahme entscheiden oder die Annahme von Cookies f\u00fcr bestimmte F\u00e4lle oder generell ausschlie\u00dfen k\u00f6nnen.<\/span><\/p>\n<p><span style=\"color: #000000;\">Bitte beachten Sie, dass bei Nichtannahme von Cookies die Funktionalit\u00e4t unserer Website eingeschr\u00e4nkt sein kann.<\/span><\/p>\n<p><span style=\"color: #000000;\">5) Kontaktaufnahme<\/span><\/p>\n<p><span style=\"color: #000000;\">Im Rahmen der Kontaktaufnahme mit uns (z.B. per Kontaktformular oder E-Mail) werden personenbezogene Daten erhoben. Welche Daten im Falle der Nutzung eines Kontaktformulars erhoben werden, ist aus dem jeweiligen Kontaktformular ersichtlich. Diese Daten werden ausschlie\u00dflich zum Zweck der Beantwortung Ihres Anliegens bzw. f\u00fcr die Kontaktaufnahme und die damit verbundene technische Administration gespeichert und verwendet.<\/span><\/p>\n<p><span style=\"color: #000000;\">Rechtsgrundlage f\u00fcr die Verarbeitung dieser Daten ist unser berechtigtes Interesse an der Beantwortung Ihres Anliegens gem\u00e4\u00df Art. 6 Abs. 1 lit. f DSGVO. Zielt Ihre Kontaktierung auf den Abschluss eines Vertrages ab, so ist zus\u00e4tzliche Rechtsgrundlage f\u00fcr die Verarbeitung Art. 6 Abs. 1 lit. b DSGVO. Ihre Daten werden nach abschlie\u00dfender Bearbeitung Ihrer Anfrage gel\u00f6scht. Dies ist der Fall, wenn sich aus den Umst\u00e4nden entnehmen l\u00e4sst, dass der betroffene Sachverhalt abschlie\u00dfend gekl\u00e4rt ist und sofern keine gesetzlichen Aufbewahrungspflichten entgegenstehen.<\/span><\/p>\n<p><span style=\"color: #000000;\">6) Kommentarfunktion<\/span><\/p>\n<p><span style=\"color: #000000;\">Im Rahmen der Kommentarfunktion auf dieser Website werden neben Ihrem Kommentar auch Angaben zum Zeitpunkt der Erstellung des Kommentars und der von Ihnen gew\u00e4hlte Kommentatorenname gespeichert und auf dieser Website ver\u00f6ffentlicht. Ferner wird Ihre IP-Adresse mitprotokolliert und gespeichert. Diese Speicherung der IP-Adresse erfolgt aus Sicherheitsgr\u00fcnden und f\u00fcr den Fall, dass die betroffene Person durch einen abgegebenen Kommentar die Rechte Dritter verletzt oder rechtswidrige Inhalte postet. Ihre E-Mailadresse ben\u00f6tigen wir, um mit Ihnen in Kontakt zu treten, falls ein Dritter Ihren ver\u00f6ffentlichten Inhalt als rechtswidrig beanstanden sollte.<\/span><\/p>\n<p><span style=\"color: #000000;\">Rechtsgrundlagen f\u00fcr die Speicherung Ihrer Daten sind die Art. 6 Abs. 1 lit. b und f DSGVO. Wir behalten uns vor, Kommentare zu l\u00f6schen, wenn sie von Dritten als rechtswidrig beanstandet werden.<\/span><\/p>\n<p><span style=\"color: #000000;\">Die Nachfolgekommentare k\u00f6nnen von Ihnen als Nutzer abonniert werden. Sie erhalten hierzu eine Best\u00e4tigungs-E-Mail, damit sichergestellt werden kann, dass Sie der Inhaber der angegebenen E-Mail-Adresse sind (Double-Opt-In-Verfahren). Die Rechtsgrundlage f\u00fcr die Datenverarbeitung im Falle der Abonnierung von Kommentaren ist Art. 6 Abs. 1 lit. a DSGVO. Sie k\u00f6nnen laufende Kommentarabonnements jederzeit mit Wirkung f\u00fcr die Zukunft abbestellen, n\u00e4here Informationen zur Abbestellm\u00f6glichkeit entnehmen Sie bitte der Best\u00e4tigungs-E-Mail.<\/span><\/p>\n<p><span style=\"color: #000000;\">7) Nutzung von Kundendaten zur Direktwerbung<\/span><\/p>\n<p><span style=\"color: #000000;\">Werbung per Briefpost<\/span><br><span style=\"color: #000000;\">Auf Grundlage unseres berechtigten Interesses an personalisierter Direktwerbung behalten wir uns vor, Ihren Vor- und Nachnamen, Ihre Postanschrift und &#8211; soweit wir diese zus\u00e4tzlichen Angaben im Rahmen der Vertragsbeziehung von Ihnen erhalten haben &#8211; Ihren Titel, akademischen Grad, Ihr Geburtsjahr und Ihre Berufs-, Branchen- oder Gesch\u00e4ftsbezeichnung gem\u00e4\u00df Art. 6 Abs. 1 lit. f DSGVO zu speichern und f\u00fcr die Zusendung von interessanten Angeboten und Informationen zu unseren Produkten per Briefpost zu nutzen.<\/span><br><span style=\"color: #000000;\">Sie k\u00f6nnen der Speicherung und Nutzung Ihrer Daten zu diesem Zweck jederzeit uns gegen\u00fcber widersprechen.<\/span><\/p>\n<p><span style=\"color: #000000;\">8) Seitenfunktionalit\u00e4ten<\/span><\/p>\n<p><span style=\"color: #000000;\">Google Web Fonts<\/span><\/p>\n<p><span style=\"color: #000000;\">Diese Seite nutzt zur einheitlichen Darstellung von Schriftarten sogenannte Web Fonts des folgenden Anbieters: Google Ireland Limited, Gordon House, 4 Barrow St, Dublin, D04 E5W5, Irland<\/span><\/p>\n<p><span style=\"color: #000000;\">Beim Aufruf einer Seite l\u00e4dt Ihr Browser die ben\u00f6tigten Web Fonts in ihren Browser-Cache, um Texte und Schriftarten korrekt anzuzeigen und stellt eine direkte Verbindung zu den Servern des Anbieters her. Hierbei werden bestimmte Browserinformationen, einschlie\u00dflich Ihrer IP-Adresse, an den Anbieter \u00fcbermittelt.<\/span><\/p>\n<p><span style=\"color: #000000;\">Daten k\u00f6nnen zudem \u00fcbermittelt werden an: Google LLC, USA<\/span><\/p>\n<p><span style=\"color: #000000;\">Die Verarbeitung von personenbezogenen Daten im Zuge der Verbindungsaufnahme mit dem Anbieter der Schriftarten wird nur dann vollzogen, wenn Sie uns gem\u00e4\u00df Art. 6 Abs. 1 lit. a DSGVO dazu Ihre ausdr\u00fcckliche Einwilligung erteilt haben. Sie k\u00f6nnen Ihre erteilte Einwilligung jederzeit mit Wirkung f\u00fcr die Zukunft widerrufen, indem Sie diesen Dienst \u00fcber das auf der Webseite bereitgestellte \u201eCookie-Consent-Tool\u201c deaktivieren. Falls Ihr Browser keine Web Fonts unterst\u00fctzt, wird eine Standardschrift von Ihrem Computer genutzt.<\/span><\/p>\n<p><span style=\"color: #000000;\">F\u00fcr Daten\u00fcbermittlungen in die USA hat sich der Anbieter dem EU-US-Datenschutzrahmen (EU-US Data Privacy Framework) angeschlossen, das auf Basis eines Angemessenheitsbeschlusses der Europ\u00e4ischen Kommission die Einhaltung des europ\u00e4ischen Datenschutzniveaus&nbsp;sicherstellt.<\/span><\/p>\n<p><span style=\"color: #000000;\">Weitere Hinweise zu den Datenschutzbestimmungen von Google finden sich hier:&nbsp;<a style=\"color: #000000;\" href=\"https:\/\/business.safety.google\/intl\/de\/privacy\/\" target=\"_blank\" rel=\"noopener\">https:\/\/business.safety.google<wbr>\/intl<wbr>\/de<wbr>\/privacy<wbr>\/<\/a><\/span><\/p>\n<p><span style=\"color: #000000;\">9) Tools und Sonstiges<\/span><\/p>\n<p><span style=\"color: #000000;\">Cookie-Consent-Tool<\/span><\/p>\n<p><span style=\"color: #000000;\">Diese Website nutzt zur Einholung wirksamer Nutzereinwilligungen f\u00fcr einwilligungspflichtige Cookies und cookie-basierte Anwendungen ein sog. \u201eCookie-Consent-Tool\u201c. Das \u201eCookie-Consent-Tool\u201c wird Nutzern bei Seitenaufruf in Form einer interaktiven Benutzeroberfl\u00e4che angezeigt, auf welcher sich per H\u00e4kchensetzung Einwilligungen f\u00fcr bestimmte Cookies und\/oder cookie-basierte Anwendungen erteilen lassen. Hierbei werden durch den Einsatz des Tools alle einwilligungspflichtigen Cookies\/Dienste nur dann geladen, wenn der jeweilige Nutzer entsprechende Einwilligungen per H\u00e4kchensetzung erteilt. So wird sichergestellt, dass nur im Falle einer erteilten Einwilligung derartige Cookies auf dem jeweiligen Endger\u00e4t des Nutzers gesetzt werden.<\/span><\/p>\n<p><span style=\"color: #000000;\">Das Tool setzt technisch notwendige Cookies, um Ihre Cookie-Pr\u00e4ferenzen zu speichern. Personenbezogene Nutzerdaten werden hierbei grunds\u00e4tzlich nicht verarbeitet.<\/span><\/p>\n<p><span style=\"color: #000000;\">Kommt es im Einzelfall zum Zwecke der Speicherung, Zuordnung oder Protokollierung von Cookie-Einstellungen doch zur Verarbeitung personenbezogener Daten (wie etwa der IP-Adresse), erfolgt diese gem\u00e4\u00df Art. 6 Abs. 1 lit. f DSGVO auf Basis unseres berechtigten Interesses an einem rechtskonformen, nutzerspezifischen und nutzerfreundlichen Einwilligungsmanagement f\u00fcr Cookies und mithin an einer rechtskonformen Ausgestaltung unseres Internetauftritts.<\/span><\/p>\n<p><span style=\"color: #000000;\">Weitere Rechtsgrundlage f\u00fcr die Verarbeitung ist ferner Art. 6 Abs. 1 lit. c DSGVO. Wir unterliegen als Verantwortliche der rechtlichen Verpflichtung, den Einsatz technisch nicht notwendiger Cookies von der jeweiligen Nutzereinwilligung abh\u00e4ngig zu machen.<\/span><\/p>\n<p><span style=\"color: #000000;\">Soweit erforderlich, haben wir mit dem Anbieter einen Auftragsverarbeitungsvertrag geschlossen, der den Schutz der Daten unserer Seitenbesucher sicherstellt und eine unberechtigte Weitergabe an Dritte untersagt.<\/span><\/p>\n<p><span style=\"color: #000000;\">Weitere Informationen zum Betreiber und den Einstellungsm\u00f6glichkeiten des Cookie-Consent-Tools finden Sie direkt in der entsprechenden Benutzeroberfl\u00e4che auf unserer Website.<\/span><\/p>\n<p><span style=\"color: #000000;\">10) Rechte des Betroffenen<\/span><\/p>\n<p><span style=\"color: #000000;\"><b>10.1<\/b>&nbsp;Das geltende Datenschutzrecht gew\u00e4hrt Ihnen gegen\u00fcber dem Verantwortlichen hinsichtlich der Verarbeitung Ihrer personenbezogenen Daten die nachstehenden Betroffenenrechte (Auskunfts- und Interventionsrechte), wobei f\u00fcr die jeweiligen Aus\u00fcbungsvoraussetzungen auf die angef\u00fchrte Rechtsgrundlage verwiesen wird:<\/span><\/p>\n<ul>\n<li>\n<p><span style=\"color: #000000;\">Auskunftsrecht gem\u00e4\u00df Art. 15 DSGVO;<\/span><\/p>\n<\/li>\n<li>\n<p><span style=\"color: #000000;\">Recht auf Berichtigung gem\u00e4\u00df Art. 16 DSGVO;<\/span><\/p>\n<\/li>\n<li>\n<p><span style=\"color: #000000;\">Recht auf L\u00f6schung gem\u00e4\u00df Art. 17 DSGVO;<\/span><\/p>\n<\/li>\n<li>\n<p><span style=\"color: #000000;\">Recht auf Einschr\u00e4nkung der Verarbeitung gem\u00e4\u00df Art. 18 DSGVO;<\/span><\/p>\n<\/li>\n<li>\n<p><span style=\"color: #000000;\">Recht auf Unterrichtung gem\u00e4\u00df Art. 19 DSGVO;<\/span><\/p>\n<\/li>\n<li>\n<p><span style=\"color: #000000;\">Recht auf Daten\u00fcbertragbarkeit gem\u00e4\u00df Art. 20 DSGVO;<\/span><\/p>\n<\/li>\n<li>\n<p><span style=\"color: #000000;\">Recht auf Widerruf erteilter Einwilligungen gem\u00e4\u00df Art. 7 Abs. 3 DSGVO;<\/span><\/p>\n<\/li>\n<li>\n<p><span style=\"color: #000000;\">Recht auf Beschwerde gem\u00e4\u00df Art. 77 DSGVO.<\/span><\/p>\n<\/li>\n<\/ul>\n<p><span style=\"color: #000000;\"><b>10.2<\/b>&nbsp;WIDERSPRUCHSRECHT<\/span><\/p>\n<p><span style=\"color: #000000;\">WENN WIR IM RAHMEN EINER INTERESSENABW\u00c4GUNG IHRE PERSONENBEZOGENEN DATEN AUFGRUND UNSERES \u00dcBERWIEGENDEN BERECHTIGTEN INTERESSES VERARBEITEN, HABEN SIE DAS JEDERZEITIGE RECHT, AUS GR\u00dcNDEN, DIE SICH AUS IHRER BESONDEREN SITUATION ERGEBEN, GEGEN DIESE VERARBEITUNG WIDERSPRUCH MIT WIRKUNG F\u00dcR DIE ZUKUNFT EINZULEGEN.<\/span><\/p>\n<p><span style=\"color: #000000;\">MACHEN SIE VON IHREM WIDERSPRUCHSRECHT GEBRAUCH, BEENDEN WIR DIE VERARBEITUNG DER BETROFFENEN DATEN. EINE WEITERVERARBEITUNG BLEIBT ABER VORBEHALTEN, WENN WIR ZWINGENDE SCHUTZW\u00dcRDIGE GR\u00dcNDE F\u00dcR DIE VERARBEITUNG NACHWEISEN K\u00d6NNEN, DIE IHRE INTERESSEN, GRUNDRECHTE UND GRUNDFREIHEITEN \u00dcBERWIEGEN, ODER WENN DIE VERARBEITUNG DER GELTENDMACHUNG, AUS\u00dcBUNG ODER VERTEIDIGUNG VON RECHTSANSPR\u00dcCHEN DIENT.<\/span><\/p>\n<p><span style=\"color: #000000;\">WERDEN IHRE PERSONENBEZOGENEN DATEN VON UNS VERARBEITET, UM DIREKTWERBUNG ZU BETREIBEN, HABEN SIE DAS RECHT, JEDERZEIT WIDERSPRUCH GEGEN DIE VERARBEITUNG SIE BETREFFENDER PERSONENBEZOGENER DATEN ZUM ZWECKE DERARTIGER WERBUNG EINZULEGEN. SIE K\u00d6NNEN DEN WIDERSPRUCH WIE OBEN BESCHRIEBEN AUS\u00dcBEN.<\/span><\/p>\n<p><span style=\"color: #000000;\">MACHEN SIE VON IHREM WIDERSPRUCHSRECHT GEBRAUCH, BEENDEN WIR DIE VERARBEITUNG DER BETROFFENEN DATEN ZU DIREKTWERBEZWECKEN.<\/span><\/p>\n<p><span style=\"color: #000000;\">11) Dauer der Speicherung personenbezogener Daten<\/span><\/p>\n<p><span style=\"color: #000000;\">Die Dauer der Speicherung von personenbezogenen Daten bemisst sich anhand der jeweiligen Rechtsgrundlage, am Verarbeitungszweck und \u2013 sofern einschl\u00e4gig \u2013 zus\u00e4tzlich anhand der jeweiligen gesetzlichen Aufbewahrungsfrist (z.B. handels- und steuerrechtliche Aufbewahrungsfristen).<\/span><\/p>\n<p><span style=\"color: #000000;\">Bei der Verarbeitung von personenbezogenen Daten auf Grundlage einer ausdr\u00fccklichen Einwilligung gem\u00e4\u00df Art. 6 Abs. 1 lit. a DSGVO werden die betroffenen Daten so lange gespeichert, bis Sie Ihre Einwilligung widerrufen.<\/span><\/p>\n<p><span style=\"color: #000000;\">Existieren gesetzliche Aufbewahrungsfristen f\u00fcr Daten, die im Rahmen rechtsgesch\u00e4ftlicher bzw. rechtsgesch\u00e4fts\u00e4hnlicher Verpflichtungen auf der Grundlage von Art. 6 Abs. 1 lit. b DSGVO verarbeitet werden, werden diese Daten nach Ablauf der Aufbewahrungsfristen routinem\u00e4\u00dfig gel\u00f6scht, sofern sie nicht mehr zur Vertragserf\u00fcllung oder Vertragsanbahnung erforderlich sind und\/oder unsererseits kein berechtigtes Interesse an der Weiterspeicherung fortbesteht.<\/span><\/p>\n<p><span style=\"color: #000000;\">Bei der Verarbeitung von personenbezogenen Daten auf Grundlage von Art. 6 Abs. 1 lit. f DSGVO werden diese Daten so lange gespeichert, bis Sie Ihr Widerspruchsrecht nach Art. 21 Abs. 1 DSGVO aus\u00fcben, es sei denn, wir k\u00f6nnen zwingende schutzw\u00fcrdige Gr\u00fcnde f\u00fcr die Verarbeitung nachweisen, die Ihre Interessen, Rechte und Freiheiten \u00fcberwiegen, oder die Verarbeitung dient der Geltendmachung, Aus\u00fcbung oder Verteidigung von Rechtsanspr\u00fcchen.<\/span><\/p>\n<p><span style=\"color: #000000;\">Bei der Verarbeitung von personenbezogenen Daten zum Zwecke der Direktwerbung auf Grundlage von Art. 6 Abs. 1 lit. f DSGVO werden diese Daten so lange gespeichert, bis Sie Ihr Widerspruchsrecht nach Art. 21 Abs. 2 DSGVO aus\u00fcben.<\/span><\/p>\n<p><span style=\"color: #000000;\">Sofern sich aus den sonstigen Informationen dieser Erkl\u00e4rung \u00fcber spezifische Verarbeitungssituationen nichts anderes ergibt, werden gespeicherte personenbezogene Daten im \u00dcbrigen dann gel\u00f6scht, wenn sie f\u00fcr die Zwecke, f\u00fcr die sie erhoben oder auf sonstige Weise verarbeitet wurden, nicht mehr notwendig sind.<\/span><\/p><p><span style=\"color: #000000;\"><br><\/span><\/p><p><span style=\"color: #000000;\">Erstellung der Datenschutzhinweise durch eine IT-Rechtsanwaltskanzlei 2025. Alle Rechte bei Seishin Shintai Kyokai Stade e.V..<\/span><\/p>\t\t\t\t\t\t\t\t<\/div>\n\t\t\t\t<\/div>\n\t\t\t\t\t<\/div>\n\t\t\t\t<\/div>\n\t\t\t\t<\/div>\n\t\t","protected":false},"excerpt":{"rendered":"<p>Datenschutzerkl\u00e4rung 1) Einleitung und Kontaktdaten des Verantwortlichen 1.1&nbsp;Wir freuen uns, dass Sie unsere Website besuchen und bedanken uns f\u00fcr Ihr Interesse. Im Folgenden informieren wir Sie \u00fcber den Umgang mit Ihren personenbezogenen Daten bei der Nutzung unserer Website. Personenbezogene Daten sind hierbei alle Daten, mit denen Sie pers\u00f6nlich identifiziert werden k\u00f6nnen. 1.2&nbsp;Verantwortlicher f\u00fcr die Datenverarbeitung [&hellip;]<\/p>\n","protected":false},"author":1,"featured_media":0,"parent":0,"menu_order":1,"comment_status":"closed","ping_status":"closed","template":"","meta":{"footnotes":""},"class_list":["post-284","page","type-page","status-publish","hentry"],"yoast_head":"<!-- This site is optimized with the Yoast SEO plugin v24.3 - https:\/\/yoast.com\/wordpress\/plugins\/seo\/ -->\n<title>Datenschutzerkl\u00e4rung - Karateschule Agathenburg Stade<\/title>\n<meta name=\"robots\" content=\"index, follow, max-snippet:-1, max-image-preview:large, max-video-preview:-1\" \/>\n<link rel=\"canonical\" href=\"https:\/\/www.karate-stade.de\/?page_id=284\" \/>\n<meta property=\"og:locale\" content=\"de_DE\" \/>\n<meta property=\"og:type\" content=\"article\" \/>\n<meta property=\"og:title\" content=\"Datenschutzerkl\u00e4rung - Karateschule Agathenburg Stade\" \/>\n<meta property=\"og:description\" content=\"Datenschutzerkl\u00e4rung 1) Einleitung und Kontaktdaten des Verantwortlichen 1.1&nbsp;Wir freuen uns, dass Sie unsere Website besuchen und bedanken uns f\u00fcr Ihr Interesse. Im Folgenden informieren wir Sie \u00fcber den Umgang mit Ihren personenbezogenen Daten bei der Nutzung unserer Website. Personenbezogene Daten sind hierbei alle Daten, mit denen Sie pers\u00f6nlich identifiziert werden k\u00f6nnen. 1.2&nbsp;Verantwortlicher f\u00fcr die Datenverarbeitung [&hellip;]\" \/>\n<meta property=\"og:url\" content=\"https:\/\/www.karate-stade.de\/?page_id=284\" \/>\n<meta property=\"og:site_name\" content=\"Karateschule Agathenburg Stade\" \/>\n<meta property=\"article:modified_time\" content=\"2025-01-24T03:17:59+00:00\" \/>\n<meta name=\"twitter:card\" content=\"summary_large_image\" \/>\n<meta name=\"twitter:label1\" content=\"Gesch\u00e4tzte Lesezeit\" \/>\n\t<meta name=\"twitter:data1\" content=\"11\u00a0Minuten\" \/>\n<script type=\"application\/ld+json\" class=\"yoast-schema-graph\">{\"@context\":\"https:\/\/schema.org\",\"@graph\":[{\"@type\":\"WebPage\",\"@id\":\"https:\/\/www.karate-stade.de\/?page_id=284\",\"url\":\"https:\/\/www.karate-stade.de\/?page_id=284\",\"name\":\"Datenschutzerkl\u00e4rung - Karateschule Agathenburg Stade\",\"isPartOf\":{\"@id\":\"https:\/\/www.karate-stade.de\/#website\"},\"datePublished\":\"2025-01-13T12:10:13+00:00\",\"dateModified\":\"2025-01-24T03:17:59+00:00\",\"breadcrumb\":{\"@id\":\"https:\/\/www.karate-stade.de\/?page_id=284#breadcrumb\"},\"inLanguage\":\"de\",\"potentialAction\":[{\"@type\":\"ReadAction\",\"target\":[\"https:\/\/www.karate-stade.de\/?page_id=284\"]}]},{\"@type\":\"BreadcrumbList\",\"@id\":\"https:\/\/www.karate-stade.de\/?page_id=284#breadcrumb\",\"itemListElement\":[{\"@type\":\"ListItem\",\"position\":1,\"name\":\"Startseite\",\"item\":\"https:\/\/www.karate-stade.de\/\"},{\"@type\":\"ListItem\",\"position\":2,\"name\":\"Datenschutzerkl\u00e4rung\"}]},{\"@type\":\"WebSite\",\"@id\":\"https:\/\/www.karate-stade.de\/#website\",\"url\":\"https:\/\/www.karate-stade.de\/\",\"name\":\"Karateschule Agathenburg Stade\",\"description\":\"Seit \u00fcber 23 Jahren international erfolgreich aktiv\",\"publisher\":{\"@id\":\"https:\/\/www.karate-stade.de\/#organization\"},\"potentialAction\":[{\"@type\":\"SearchAction\",\"target\":{\"@type\":\"EntryPoint\",\"urlTemplate\":\"https:\/\/www.karate-stade.de\/?s={search_term_string}\"},\"query-input\":{\"@type\":\"PropertyValueSpecification\",\"valueRequired\":true,\"valueName\":\"search_term_string\"}}],\"inLanguage\":\"de\"},{\"@type\":\"Organization\",\"@id\":\"https:\/\/www.karate-stade.de\/#organization\",\"name\":\"Karateschule Agathenburg Stade\",\"url\":\"https:\/\/www.karate-stade.de\/\",\"logo\":{\"@type\":\"ImageObject\",\"inLanguage\":\"de\",\"@id\":\"https:\/\/www.karate-stade.de\/#\/schema\/logo\/image\/\",\"url\":\"https:\/\/www.karate-stade.de\/wp-content\/uploads\/2025\/01\/IMG-20230412-WA0000.jpg\",\"contentUrl\":\"https:\/\/www.karate-stade.de\/wp-content\/uploads\/2025\/01\/IMG-20230412-WA0000.jpg\",\"width\":1200,\"height\":1600,\"caption\":\"Karateschule Agathenburg Stade\"},\"image\":{\"@id\":\"https:\/\/www.karate-stade.de\/#\/schema\/logo\/image\/\"}}]}<\/script>\n<!-- \/ Yoast SEO plugin. -->","yoast_head_json":{"title":"Datenschutzerkl\u00e4rung - Karateschule Agathenburg Stade","robots":{"index":"index","follow":"follow","max-snippet":"max-snippet:-1","max-image-preview":"max-image-preview:large","max-video-preview":"max-video-preview:-1"},"canonical":"https:\/\/www.karate-stade.de\/?page_id=284","og_locale":"de_DE","og_type":"article","og_title":"Datenschutzerkl\u00e4rung - Karateschule Agathenburg Stade","og_description":"Datenschutzerkl\u00e4rung 1) Einleitung und Kontaktdaten des Verantwortlichen 1.1&nbsp;Wir freuen uns, dass Sie unsere Website besuchen und bedanken uns f\u00fcr Ihr Interesse. Im Folgenden informieren wir Sie \u00fcber den Umgang mit Ihren personenbezogenen Daten bei der Nutzung unserer Website. Personenbezogene Daten sind hierbei alle Daten, mit denen Sie pers\u00f6nlich identifiziert werden k\u00f6nnen. 1.2&nbsp;Verantwortlicher f\u00fcr die Datenverarbeitung [&hellip;]","og_url":"https:\/\/www.karate-stade.de\/?page_id=284","og_site_name":"Karateschule Agathenburg Stade","article_modified_time":"2025-01-24T03:17:59+00:00","twitter_card":"summary_large_image","twitter_misc":{"Gesch\u00e4tzte Lesezeit":"11\u00a0Minuten"},"schema":{"@context":"https:\/\/schema.org","@graph":[{"@type":"WebPage","@id":"https:\/\/www.karate-stade.de\/?page_id=284","url":"https:\/\/www.karate-stade.de\/?page_id=284","name":"Datenschutzerkl\u00e4rung - Karateschule Agathenburg Stade","isPartOf":{"@id":"https:\/\/www.karate-stade.de\/#website"},"datePublished":"2025-01-13T12:10:13+00:00","dateModified":"2025-01-24T03:17:59+00:00","breadcrumb":{"@id":"https:\/\/www.karate-stade.de\/?page_id=284#breadcrumb"},"inLanguage":"de","potentialAction":[{"@type":"ReadAction","target":["https:\/\/www.karate-stade.de\/?page_id=284"]}]},{"@type":"BreadcrumbList","@id":"https:\/\/www.karate-stade.de\/?page_id=284#breadcrumb","itemListElement":[{"@type":"ListItem","position":1,"name":"Startseite","item":"https:\/\/www.karate-stade.de\/"},{"@type":"ListItem","position":2,"name":"Datenschutzerkl\u00e4rung"}]},{"@type":"WebSite","@id":"https:\/\/www.karate-stade.de\/#website","url":"https:\/\/www.karate-stade.de\/","name":"Karateschule Agathenburg Stade","description":"Seit \u00fcber 23 Jahren international erfolgreich aktiv","publisher":{"@id":"https:\/\/www.karate-stade.de\/#organization"},"potentialAction":[{"@type":"SearchAction","target":{"@type":"EntryPoint","urlTemplate":"https:\/\/www.karate-stade.de\/?s={search_term_string}"},"query-input":{"@type":"PropertyValueSpecification","valueRequired":true,"valueName":"search_term_string"}}],"inLanguage":"de"},{"@type":"Organization","@id":"https:\/\/www.karate-stade.de\/#organization","name":"Karateschule Agathenburg Stade","url":"https:\/\/www.karate-stade.de\/","logo":{"@type":"ImageObject","inLanguage":"de","@id":"https:\/\/www.karate-stade.de\/#\/schema\/logo\/image\/","url":"https:\/\/www.karate-stade.de\/wp-content\/uploads\/2025\/01\/IMG-20230412-WA0000.jpg","contentUrl":"https:\/\/www.karate-stade.de\/wp-content\/uploads\/2025\/01\/IMG-20230412-WA0000.jpg","width":1200,"height":1600,"caption":"Karateschule Agathenburg Stade"},"image":{"@id":"https:\/\/www.karate-stade.de\/#\/schema\/logo\/image\/"}}]}},"_links":{"self":[{"href":"https:\/\/www.karate-stade.de\/index.php?rest_route=\/wp\/v2\/pages\/284","targetHints":{"allow":["GET"]}}],"collection":[{"href":"https:\/\/www.karate-stade.de\/index.php?rest_route=\/wp\/v2\/pages"}],"about":[{"href":"https:\/\/www.karate-stade.de\/index.php?rest_route=\/wp\/v2\/types\/page"}],"author":[{"embeddable":true,"href":"https:\/\/www.karate-stade.de\/index.php?rest_route=\/wp\/v2\/users\/1"}],"replies":[{"embeddable":true,"href":"https:\/\/www.karate-stade.de\/index.php?rest_route=%2Fwp%2Fv2%2Fcomments&post=284"}],"version-history":[{"count":11,"href":"https:\/\/www.karate-stade.de\/index.php?rest_route=\/wp\/v2\/pages\/284\/revisions"}],"predecessor-version":[{"id":955,"href":"https:\/\/www.karate-stade.de\/index.php?rest_route=\/wp\/v2\/pages\/284\/revisions\/955"}],"wp:attachment":[{"href":"https:\/\/www.karate-stade.de\/index.php?rest_route=%2Fwp%2Fv2%2Fmedia&parent=284"}],"curies":[{"name":"wp","href":"https:\/\/api.w.org\/{rel}","templated":true}]}}