{"id":138,"date":"2025-01-13T00:56:03","date_gmt":"2025-01-12T23:56:03","guid":{"rendered":"https:\/\/www.karate-stade.de\/?page_id=138"},"modified":"2025-01-25T03:22:53","modified_gmt":"2025-01-25T02:22:53","slug":"unser-cooles-budoteam-besteht-aus-7-schwarzgurten-mit-umfangreichen-jahrzehntelangen-erfahrungen","status":"publish","type":"page","link":"https:\/\/www.karate-stade.de\/?page_id=138","title":{"rendered":"Das Budo Team"},"content":{"rendered":"\t\t<div data-elementor-type=\"wp-page\" data-elementor-id=\"138\" class=\"elementor elementor-138\" data-elementor-post-type=\"page\">\n\t\t\t\t<div class=\"elementor-element elementor-element-760ec23c e-flex e-con-boxed e-con e-parent\" data-id=\"760ec23c\" data-element_type=\"container\">\n\t\t\t\t\t<div class=\"e-con-inner\">\n\t\t\t\t<div class=\"elementor-element elementor-element-6419def3 elementor-widget elementor-widget-text-editor\" data-id=\"6419def3\" data-element_type=\"widget\" data-widget_type=\"text-editor.default\">\n\t\t\t\t<div class=\"elementor-widget-container\">\n\t\t\t\t\t\t\t\t\t<p style=\"text-align: left;\"><span style=\"color: #000000;\">Unser cooles Budoteam besteht aus 7 Schwarzgurten mit umfangreichen Jahrzehntelangen Erfahrungen<\/span><\/p><p style=\"text-align: left;\"><span style=\"color: #000000;\">Unsere Lehrer, Trainer und \u00dcbungsleiter haben einen wichtigen Stellenwert und nehmen regelm\u00e4\u00dfig an verschiedenen internen und externen Qualifizierungsma\u00dfnahmen teil. Zum einen richten wir eigenst\u00e4ndig Budo umfassende Lehrg\u00e4nge und Qualifizierungsma\u00dfnahmen aus, zum anderen laden wir Referenten, Trainer und Profilehrer anderer Schulen zu uns ein. Wir wollen nur mit und von den Besten lernen! Das ist unser Motto!\u00a0<\/span><\/p><p style=\"text-align: left;\"><span style=\"color: #000000;\">Einen wichtigen und kompetenten Partner, nicht nur f\u00fcr unsere Weiterbildung, haben wir im Verband Bushido Renmei e.V. gewonnen. Dort arbeiten wir international mit Profis seit weit \u00fcber 20 Jahren eng zusammen.\u00a0<\/span><\/p><p style=\"text-align: left;\"><span style=\"color: #000000;\">F\u00fcnf von unseren Schwarzgurten sind Mitglied in der Dai Nippon Butokukia Japan (DNBK) &#8211; DER japanischen Budoorganisation, dessen Wurzeln bis in das Jahr 818 zur\u00fcck reichen. Eine besondere Ehre und einhergehend hohe Verpflichtung und Verantwortung. Diese Vereinigung steht unter der Schirmherrschaft des japanischen Kaiserhauses. In gesamt Deutschland gibt es nur zwischen 70 und 80 Mitglieder in dieser renomierten Organisation.<\/span><\/p>\t\t\t\t\t\t\t\t<\/div>\n\t\t\t\t<\/div>\n\t\t\t\t\t<\/div>\n\t\t\t\t<\/div>\n\t\t<div class=\"elementor-element elementor-element-166772f e-flex e-con-boxed e-con e-parent\" data-id=\"166772f\" data-element_type=\"container\">\n\t\t\t\t\t<div class=\"e-con-inner\">\n\t\t\t\t<div class=\"elementor-element elementor-element-53d6041 elementor-widget elementor-widget-image\" data-id=\"53d6041\" data-element_type=\"widget\" data-widget_type=\"image.default\">\n\t\t\t\t<div class=\"elementor-widget-container\">\n\t\t\t\t\t\t\t\t\t\t\t\t\t\t\t<img decoding=\"async\" src=\"https:\/\/www.karate-stade.de\/wp-content\/uploads\/elementor\/thumbs\/hp-2025-01-qzx8wlhg65gfe8jum14zhr0893v49zggng8c8eccrk.jpg\" title=\"Karateschule Agathenburg Cooles Team 7 Schwarzgurte\" alt=\"Unser cooles Lehrerteam\" loading=\"lazy\" \/>\t\t\t\t\t\t\t\t\t\t\t\t\t\t\t<\/div>\n\t\t\t\t<\/div>\n\t\t\t\t\t<\/div>\n\t\t\t\t<\/div>\n\t\t\t\t<\/div>\n\t\t","protected":false},"excerpt":{"rendered":"<p>Unser cooles Budoteam besteht aus 7 Schwarzgurten mit umfangreichen Jahrzehntelangen Erfahrungen Unsere Lehrer, Trainer und \u00dcbungsleiter haben einen wichtigen Stellenwert und nehmen regelm\u00e4\u00dfig an verschiedenen internen und externen Qualifizierungsma\u00dfnahmen teil. Zum einen richten wir eigenst\u00e4ndig Budo umfassende Lehrg\u00e4nge und Qualifizierungsma\u00dfnahmen aus, zum anderen laden wir Referenten, Trainer und Profilehrer anderer Schulen zu uns ein. Wir [&hellip;]<\/p>\n","protected":false},"author":1,"featured_media":0,"parent":0,"menu_order":2,"comment_status":"closed","ping_status":"closed","template":"elementor_header_footer","meta":{"footnotes":""},"class_list":["post-138","page","type-page","status-publish","hentry"],"yoast_head":"<!-- This site is optimized with the Yoast SEO plugin v24.3 - https:\/\/yoast.com\/wordpress\/plugins\/seo\/ -->\n<title>Das Budo Team - Karateschule Agathenburg Stade<\/title>\n<meta name=\"description\" content=\"Unser cooles Budoteam besteht aus 7 Schwarzgurten mit umfangreichen jahrzehntelangen Erfahrungen in Karate, Iaido, Kyusho Jitsu, Kobudo und Selbstverteidigung.\" \/>\n<meta name=\"robots\" content=\"index, follow, max-snippet:-1, max-image-preview:large, max-video-preview:-1\" \/>\n<link rel=\"canonical\" href=\"https:\/\/www.karate-stade.de\/?page_id=138\" \/>\n<meta property=\"og:locale\" content=\"de_DE\" \/>\n<meta property=\"og:type\" content=\"article\" \/>\n<meta property=\"og:title\" content=\"Das Budo Team - Karateschule Agathenburg Stade\" \/>\n<meta property=\"og:description\" content=\"Unser cooles Budoteam besteht aus 7 Schwarzgurten mit umfangreichen jahrzehntelangen Erfahrungen in Karate, Iaido, Kyusho Jitsu, Kobudo und Selbstverteidigung.\" \/>\n<meta property=\"og:url\" content=\"https:\/\/www.karate-stade.de\/?page_id=138\" \/>\n<meta property=\"og:site_name\" content=\"Karateschule Agathenburg Stade\" \/>\n<meta property=\"article:modified_time\" content=\"2025-01-25T02:22:53+00:00\" \/>\n<meta property=\"og:image\" content=\"https:\/\/www.karate-stade.de\/wp-content\/uploads\/elementor\/thumbs\/hp-2025-01-qzx8wlhg65gfe8jum14zhr0893v49zggng8c4vj0ww.jpg\" \/>\n<meta name=\"twitter:card\" content=\"summary_large_image\" \/>\n<meta name=\"twitter:label1\" content=\"Gesch\u00e4tzte Lesezeit\" \/>\n\t<meta name=\"twitter:data1\" content=\"2\u00a0Minuten\" \/>\n<script type=\"application\/ld+json\" class=\"yoast-schema-graph\">{\"@context\":\"https:\/\/schema.org\",\"@graph\":[{\"@type\":\"WebPage\",\"@id\":\"https:\/\/www.karate-stade.de\/?page_id=138\",\"url\":\"https:\/\/www.karate-stade.de\/?page_id=138\",\"name\":\"Das Budo Team - Karateschule Agathenburg Stade\",\"isPartOf\":{\"@id\":\"https:\/\/www.karate-stade.de\/#website\"},\"primaryImageOfPage\":{\"@id\":\"https:\/\/www.karate-stade.de\/?page_id=138#primaryimage\"},\"image\":{\"@id\":\"https:\/\/www.karate-stade.de\/?page_id=138#primaryimage\"},\"thumbnailUrl\":\"https:\/\/www.karate-stade.de\/wp-content\/uploads\/elementor\/thumbs\/hp-2025-01-qzx8wlhg65gfe8jum14zhr0893v49zggng8c4vj0ww.jpg\",\"datePublished\":\"2025-01-12T23:56:03+00:00\",\"dateModified\":\"2025-01-25T02:22:53+00:00\",\"description\":\"Unser cooles Budoteam besteht aus 7 Schwarzgurten mit umfangreichen jahrzehntelangen Erfahrungen in Karate, Iaido, Kyusho Jitsu, Kobudo und Selbstverteidigung.\",\"breadcrumb\":{\"@id\":\"https:\/\/www.karate-stade.de\/?page_id=138#breadcrumb\"},\"inLanguage\":\"de\",\"potentialAction\":[{\"@type\":\"ReadAction\",\"target\":[\"https:\/\/www.karate-stade.de\/?page_id=138\"]}]},{\"@type\":\"ImageObject\",\"inLanguage\":\"de\",\"@id\":\"https:\/\/www.karate-stade.de\/?page_id=138#primaryimage\",\"url\":\"https:\/\/www.karate-stade.de\/wp-content\/uploads\/elementor\/thumbs\/hp-2025-01-qzx8wlhg65gfe8jum14zhr0893v49zggng8c4vj0ww.jpg\",\"contentUrl\":\"https:\/\/www.karate-stade.de\/wp-content\/uploads\/elementor\/thumbs\/hp-2025-01-qzx8wlhg65gfe8jum14zhr0893v49zggng8c4vj0ww.jpg\"},{\"@type\":\"BreadcrumbList\",\"@id\":\"https:\/\/www.karate-stade.de\/?page_id=138#breadcrumb\",\"itemListElement\":[{\"@type\":\"ListItem\",\"position\":1,\"name\":\"Startseite\",\"item\":\"https:\/\/www.karate-stade.de\/\"},{\"@type\":\"ListItem\",\"position\":2,\"name\":\"Das Budo Team\"}]},{\"@type\":\"WebSite\",\"@id\":\"https:\/\/www.karate-stade.de\/#website\",\"url\":\"https:\/\/www.karate-stade.de\/\",\"name\":\"Karateschule Agathenburg Stade\",\"description\":\"Seit \u00fcber 23 Jahren international erfolgreich aktiv\",\"publisher\":{\"@id\":\"https:\/\/www.karate-stade.de\/#organization\"},\"potentialAction\":[{\"@type\":\"SearchAction\",\"target\":{\"@type\":\"EntryPoint\",\"urlTemplate\":\"https:\/\/www.karate-stade.de\/?s={search_term_string}\"},\"query-input\":{\"@type\":\"PropertyValueSpecification\",\"valueRequired\":true,\"valueName\":\"search_term_string\"}}],\"inLanguage\":\"de\"},{\"@type\":\"Organization\",\"@id\":\"https:\/\/www.karate-stade.de\/#organization\",\"name\":\"Karateschule Agathenburg Stade\",\"url\":\"https:\/\/www.karate-stade.de\/\",\"logo\":{\"@type\":\"ImageObject\",\"inLanguage\":\"de\",\"@id\":\"https:\/\/www.karate-stade.de\/#\/schema\/logo\/image\/\",\"url\":\"https:\/\/www.karate-stade.de\/wp-content\/uploads\/2025\/01\/IMG-20230412-WA0000.jpg\",\"contentUrl\":\"https:\/\/www.karate-stade.de\/wp-content\/uploads\/2025\/01\/IMG-20230412-WA0000.jpg\",\"width\":1200,\"height\":1600,\"caption\":\"Karateschule Agathenburg Stade\"},\"image\":{\"@id\":\"https:\/\/www.karate-stade.de\/#\/schema\/logo\/image\/\"}}]}<\/script>\n<!-- \/ Yoast SEO plugin. -->","yoast_head_json":{"title":"Das Budo Team - Karateschule Agathenburg Stade","description":"Unser cooles Budoteam besteht aus 7 Schwarzgurten mit umfangreichen jahrzehntelangen Erfahrungen in Karate, Iaido, Kyusho Jitsu, Kobudo und Selbstverteidigung.","robots":{"index":"index","follow":"follow","max-snippet":"max-snippet:-1","max-image-preview":"max-image-preview:large","max-video-preview":"max-video-preview:-1"},"canonical":"https:\/\/www.karate-stade.de\/?page_id=138","og_locale":"de_DE","og_type":"article","og_title":"Das Budo Team - Karateschule Agathenburg Stade","og_description":"Unser cooles Budoteam besteht aus 7 Schwarzgurten mit umfangreichen jahrzehntelangen Erfahrungen in Karate, Iaido, Kyusho Jitsu, Kobudo und Selbstverteidigung.","og_url":"https:\/\/www.karate-stade.de\/?page_id=138","og_site_name":"Karateschule Agathenburg Stade","article_modified_time":"2025-01-25T02:22:53+00:00","og_image":[{"url":"https:\/\/www.karate-stade.de\/wp-content\/uploads\/elementor\/thumbs\/hp-2025-01-qzx8wlhg65gfe8jum14zhr0893v49zggng8c4vj0ww.jpg","type":"","width":"","height":""}],"twitter_card":"summary_large_image","twitter_misc":{"Gesch\u00e4tzte Lesezeit":"2\u00a0Minuten"},"schema":{"@context":"https:\/\/schema.org","@graph":[{"@type":"WebPage","@id":"https:\/\/www.karate-stade.de\/?page_id=138","url":"https:\/\/www.karate-stade.de\/?page_id=138","name":"Das Budo Team - Karateschule Agathenburg Stade","isPartOf":{"@id":"https:\/\/www.karate-stade.de\/#website"},"primaryImageOfPage":{"@id":"https:\/\/www.karate-stade.de\/?page_id=138#primaryimage"},"image":{"@id":"https:\/\/www.karate-stade.de\/?page_id=138#primaryimage"},"thumbnailUrl":"https:\/\/www.karate-stade.de\/wp-content\/uploads\/elementor\/thumbs\/hp-2025-01-qzx8wlhg65gfe8jum14zhr0893v49zggng8c4vj0ww.jpg","datePublished":"2025-01-12T23:56:03+00:00","dateModified":"2025-01-25T02:22:53+00:00","description":"Unser cooles Budoteam besteht aus 7 Schwarzgurten mit umfangreichen jahrzehntelangen Erfahrungen in Karate, Iaido, Kyusho Jitsu, Kobudo und Selbstverteidigung.","breadcrumb":{"@id":"https:\/\/www.karate-stade.de\/?page_id=138#breadcrumb"},"inLanguage":"de","potentialAction":[{"@type":"ReadAction","target":["https:\/\/www.karate-stade.de\/?page_id=138"]}]},{"@type":"ImageObject","inLanguage":"de","@id":"https:\/\/www.karate-stade.de\/?page_id=138#primaryimage","url":"https:\/\/www.karate-stade.de\/wp-content\/uploads\/elementor\/thumbs\/hp-2025-01-qzx8wlhg65gfe8jum14zhr0893v49zggng8c4vj0ww.jpg","contentUrl":"https:\/\/www.karate-stade.de\/wp-content\/uploads\/elementor\/thumbs\/hp-2025-01-qzx8wlhg65gfe8jum14zhr0893v49zggng8c4vj0ww.jpg"},{"@type":"BreadcrumbList","@id":"https:\/\/www.karate-stade.de\/?page_id=138#breadcrumb","itemListElement":[{"@type":"ListItem","position":1,"name":"Startseite","item":"https:\/\/www.karate-stade.de\/"},{"@type":"ListItem","position":2,"name":"Das Budo Team"}]},{"@type":"WebSite","@id":"https:\/\/www.karate-stade.de\/#website","url":"https:\/\/www.karate-stade.de\/","name":"Karateschule Agathenburg Stade","description":"Seit \u00fcber 23 Jahren international erfolgreich aktiv","publisher":{"@id":"https:\/\/www.karate-stade.de\/#organization"},"potentialAction":[{"@type":"SearchAction","target":{"@type":"EntryPoint","urlTemplate":"https:\/\/www.karate-stade.de\/?s={search_term_string}"},"query-input":{"@type":"PropertyValueSpecification","valueRequired":true,"valueName":"search_term_string"}}],"inLanguage":"de"},{"@type":"Organization","@id":"https:\/\/www.karate-stade.de\/#organization","name":"Karateschule Agathenburg Stade","url":"https:\/\/www.karate-stade.de\/","logo":{"@type":"ImageObject","inLanguage":"de","@id":"https:\/\/www.karate-stade.de\/#\/schema\/logo\/image\/","url":"https:\/\/www.karate-stade.de\/wp-content\/uploads\/2025\/01\/IMG-20230412-WA0000.jpg","contentUrl":"https:\/\/www.karate-stade.de\/wp-content\/uploads\/2025\/01\/IMG-20230412-WA0000.jpg","width":1200,"height":1600,"caption":"Karateschule Agathenburg Stade"},"image":{"@id":"https:\/\/www.karate-stade.de\/#\/schema\/logo\/image\/"}}]}},"_links":{"self":[{"href":"https:\/\/www.karate-stade.de\/index.php?rest_route=\/wp\/v2\/pages\/138","targetHints":{"allow":["GET"]}}],"collection":[{"href":"https:\/\/www.karate-stade.de\/index.php?rest_route=\/wp\/v2\/pages"}],"about":[{"href":"https:\/\/www.karate-stade.de\/index.php?rest_route=\/wp\/v2\/types\/page"}],"author":[{"embeddable":true,"href":"https:\/\/www.karate-stade.de\/index.php?rest_route=\/wp\/v2\/users\/1"}],"replies":[{"embeddable":true,"href":"https:\/\/www.karate-stade.de\/index.php?rest_route=%2Fwp%2Fv2%2Fcomments&post=138"}],"version-history":[{"count":43,"href":"https:\/\/www.karate-stade.de\/index.php?rest_route=\/wp\/v2\/pages\/138\/revisions"}],"predecessor-version":[{"id":1019,"href":"https:\/\/www.karate-stade.de\/index.php?rest_route=\/wp\/v2\/pages\/138\/revisions\/1019"}],"wp:attachment":[{"href":"https:\/\/www.karate-stade.de\/index.php?rest_route=%2Fwp%2Fv2%2Fmedia&parent=138"}],"curies":[{"name":"wp","href":"https:\/\/api.w.org\/{rel}","templated":true}]}}